{"id":1001,"date":"2025-09-08T00:00:00","date_gmt":"2025-09-08T00:00:00","guid":{"rendered":"http:\/\/sevresvtt.carineetpierre.fr\/index.php\/accueil\/"},"modified":"2025-09-09T00:04:13","modified_gmt":"2025-09-08T22:04:13","slug":"accueil","status":"publish","type":"page","link":"https:\/\/sevresvtt.carineetpierre.fr\/","title":{"rendered":"Accueil"},"content":{"rendered":"\n<p><!-- HERO --><\/p>\n\n\n\n<section id=\"\\&quot;hero\\&quot;\" style=\"0background: #1b3b22;\">\n<div style=\"0max-width: 1200px; margin: 0;\">\n<h1 style=\"0font-size: 48px; line-height: 1.05; margin: 0;\">D\u00c9COUVRIR, PARTAGER, P\u00c9DALER ENSEMBLE<\/h1>\n<p style=\"0max-width: 720px; font-size: 18px; margin: 0;\">Rejoignez le club pour des sorties r\u00e9guli\u00e8res, conviviales et adapt\u00e9es \u00e0 tous.<\/p>\n<p style=\"0max-width: 720px; font-size: 18px; margin: 0;\">S\u00e8vres Chaville VTT, le meilleur club de VTT du sud 92&#8230; C&rsquo;est \u00e9galement le seul, \u00e7a aide !<\/p>\n<\/div>\n<\/section>\n\n\n\n<p><\/p>\n\n\n\n<section id=\"\\&quot;about\\&quot;\" style=\"0padding: 64px;\">\n<div style=\"0max-width: 1200px; margin: 0;\">\n<div style=\"0flex: 1;\">\n<h2 style=\"0color: #1b3b22; margin: 0;\">\u00c0 propos du club<\/h2>\n<p style=\"0color: #333; line-height: 1.6;\">S\u00e8vres Chaville VTT r\u00e9unit des passionn\u00e9\u00b7e\u00b7s de VTT de tous niveaux.\n<br>Sorties hebdo, ateliers m\u00e9caniques, week ends de groupe, stage maniabilit\u00e9 ou enduro et beaucoup de bonne humeur !<\/p>\n<\/div>\n<\/div>\n<\/section>\n\n\n\n<figure class=\"wp-block-image alignwide size-full\"><img fetchpriority=\"high\" decoding=\"async\" width=\"720\" height=\"380\" src=\"http:\/\/sevresvtt.carineetpierre.fr\/wp-content\/uploads\/2025\/09\/img-20240601-wa0122-720x380-1.jpg\" alt=\"Une partie du groupe \" class=\"wp-image-1055\" srcset=\"https:\/\/sevresvtt.carineetpierre.fr\/wp-content\/uploads\/2025\/09\/img-20240601-wa0122-720x380-1.jpg 720w, https:\/\/sevresvtt.carineetpierre.fr\/wp-content\/uploads\/2025\/09\/img-20240601-wa0122-720x380-1-300x158.jpg 300w\" sizes=\"(max-width: 720px) 100vw, 720px\" \/><\/figure>\n\n\n\n<p><!-- CALENDRIER --><\/p>\n\n\n\n<section id=\"\\&quot;events\\&quot;\" style=\"0padding: 56px;\">\n<div style=\"0max-width: 1200px; margin: 0;\">\n<h2 style=\"0color: #1b3b22; margin: 0;\">Calendrier des sorties<\/h2>\n<\/div>\n<\/section>\n\n\n\n<div  class=\"tribe-compatibility-container\" >\n\t<div\n\t\t class=\"tribe-common tribe-events tribe-events-view tribe-events-view--widget-events-list tribe-events-widget\" \t\tdata-js=\"tribe-events-view\"\n\t\tdata-view-rest-url=\"https:\/\/sevresvtt.carineetpierre.fr\/index.php\/wp-json\/tribe\/views\/v2\/html\"\n\t\tdata-view-manage-url=\"1\"\n\t\t\t\t\t\t\tdata-view-breakpoint-pointer=\"93287252-7e83-4e2f-9f97-cb1c7550a7d6\"\n\t\t\t>\n\t\t<div class=\"tribe-events-widget-events-list\">\n\n\t\t\t\n\t\t\t<script data-js=\"tribe-events-view-data\" type=\"application\/json\">\n\t{\"slug\":\"widget-events-list\",\"prev_url\":\"\",\"next_url\":\"\",\"view_class\":\"Tribe\\\\Events\\\\Views\\\\V2\\\\Views\\\\Widgets\\\\Widget_List_View\",\"view_slug\":\"widget-events-list\",\"view_label\":\"View\",\"view\":null,\"should_manage_url\":true,\"id\":null,\"alias-slugs\":null,\"title\":\"Prochains \\u00c9v\\u00e8nements \\u2013 S\\u00e8vres Chaville VTT\",\"limit\":\"5\",\"no_upcoming_events\":false,\"featured_events_only\":false,\"jsonld_enable\":true,\"tribe_is_list_widget\":false,\"admin_fields\":{\"title\":{\"label\":\"Titre\\u00a0:\",\"type\":\"text\",\"parent_classes\":\"\",\"classes\":\"\",\"dependency\":\"\",\"id\":\"widget-tribe-widget-events-list--1-title\",\"name\":\"widget-tribe-widget-events-list[-1][title]\",\"options\":[],\"placeholder\":\"\",\"value\":null},\"limit\":{\"label\":\"Afficher\\u00a0:\",\"type\":\"number\",\"default\":5,\"min\":1,\"max\":10,\"step\":1,\"parent_classes\":\"\",\"classes\":\"\",\"dependency\":\"\",\"id\":\"widget-tribe-widget-events-list--1-limit\",\"name\":\"widget-tribe-widget-events-list[-1][limit]\",\"options\":[],\"placeholder\":\"\",\"value\":null},\"no_upcoming_events\":{\"label\":\"Cacher ce widget s\\u2019il n\\u2019y a pas d\\u2019\\u00e9v\\u00e8nements \\u00e0 venir.\",\"type\":\"checkbox\",\"parent_classes\":\"\",\"classes\":\"\",\"dependency\":\"\",\"id\":\"widget-tribe-widget-events-list--1-no_upcoming_events\",\"name\":\"widget-tribe-widget-events-list[-1][no_upcoming_events]\",\"options\":[],\"placeholder\":\"\",\"value\":null},\"featured_events_only\":{\"label\":\"Limiter uniquement pour les \\u00e9v\\u00e8nements mis en avant\",\"type\":\"checkbox\",\"parent_classes\":\"\",\"classes\":\"\",\"dependency\":\"\",\"id\":\"widget-tribe-widget-events-list--1-featured_events_only\",\"name\":\"widget-tribe-widget-events-list[-1][featured_events_only]\",\"options\":[],\"placeholder\":\"\",\"value\":null},\"jsonld_enable\":{\"label\":\"G\\u00e9n\\u00e9rer les donn\\u00e9es JSON-LD\",\"type\":\"checkbox\",\"parent_classes\":\"\",\"classes\":\"\",\"dependency\":\"\",\"id\":\"widget-tribe-widget-events-list--1-jsonld_enable\",\"name\":\"widget-tribe-widget-events-list[-1][jsonld_enable]\",\"options\":[],\"placeholder\":\"\",\"value\":null}},\"events\":[],\"url\":\"https:\\\/\\\/sevresvtt.carineetpierre.fr\\\/?post_type=tribe_events&eventDisplay=widget-events-list\",\"url_event_date\":false,\"bar\":{\"keyword\":\"\",\"date\":\"\"},\"today\":\"2026-04-27 00:00:00\",\"now\":\"2026-04-27 08:39:31\",\"home_url\":\"https:\\\/\\\/sevresvtt.carineetpierre.fr\",\"rest_url\":\"https:\\\/\\\/sevresvtt.carineetpierre.fr\\\/index.php\\\/wp-json\\\/tribe\\\/views\\\/v2\\\/html\",\"rest_method\":\"GET\",\"rest_nonce\":\"\",\"today_url\":\"https:\\\/\\\/sevresvtt.carineetpierre.fr\\\/?post_type=tribe_events&eventDisplay=widget-events-list&rest_route=%2Fwp%2Fv2%2Fpages%2F1001\",\"today_title\":\"Cliquer pour s\\u00e9lectionner la date du jour\",\"today_label\":\"Aujourd\\u2019hui\",\"prev_label\":\"\",\"next_label\":\"\",\"date_formats\":{\"compact\":\"d\\\/m\\\/Y\",\"month_and_year_compact\":\"m\\\/Y\",\"month_and_year\":\"F Y\",\"time_range_separator\":\" - \",\"date_time_separator\":\" @ \"},\"messages\":{\"notice\":[\"Il n\\u2019y a pas d\\u2019\\u00e9v\\u00e8nements \\u00e0 venir.\"]},\"start_of_week\":\"1\",\"header_title\":\"\",\"header_title_element\":\"h1\",\"content_title\":\"\",\"breadcrumbs\":[],\"backlink\":false,\"before_events\":\"\",\"after_events\":\"\\n<!--\\nThis calendar is powered by The Events Calendar.\\nhttp:\\\/\\\/evnt.is\\\/18wn\\n-->\\n\",\"display_events_bar\":false,\"disable_event_search\":false,\"live_refresh\":true,\"ical\":{\"display_link\":true,\"link\":{\"url\":\"https:\\\/\\\/sevresvtt.carineetpierre.fr\\\/?post_type=tribe_events&#038;eventDisplay=widget-events-list&#038;ical=1\",\"text\":\"Exporter \\u00c9v\\u00e8nements\",\"title\":\"Utilisez ceci pour partager les donn\\u00e9es de calendrier avec Google Calendar, Apple iCal et d\\u2019autres applications compatibles\"}},\"container_classes\":[\"tribe-common\",\"tribe-events\",\"tribe-events-view\",\"tribe-events-view--widget-events-list\",\"tribe-events-widget\"],\"container_data\":[],\"is_past\":false,\"breakpoints\":{\"xsmall\":500,\"medium\":768,\"full\":960},\"breakpoint_pointer\":\"93287252-7e83-4e2f-9f97-cb1c7550a7d6\",\"is_initial_load\":false,\"public_views\":{\"list\":{\"view_class\":\"Tribe\\\\Events\\\\Views\\\\V2\\\\Views\\\\List_View\",\"view_url\":\"https:\\\/\\\/sevresvtt.carineetpierre.fr\\\/events\\\/liste\\\/\",\"view_label\":\"Liste\",\"aria_label\":\"Display \\u00c9v\\u00e8nements in Liste View\"},\"month\":{\"view_class\":\"Tribe\\\\Events\\\\Views\\\\V2\\\\Views\\\\Month_View\",\"view_url\":\"https:\\\/\\\/sevresvtt.carineetpierre.fr\\\/events\\\/mois\\\/\",\"view_label\":\"Mois\",\"aria_label\":\"Display \\u00c9v\\u00e8nements in Mois View\"},\"day\":{\"view_class\":\"Tribe\\\\Events\\\\Views\\\\V2\\\\Views\\\\Day_View\",\"view_url\":\"https:\\\/\\\/sevresvtt.carineetpierre.fr\\\/events\\\/aujourdhui\\\/\",\"view_label\":\"Jour\",\"aria_label\":\"Display \\u00c9v\\u00e8nements in Jour View\"}},\"show_latest_past\":false,\"past\":false,\"compatibility_classes\":[\"tribe-compatibility-container\"],\"view_more_text\":\"Voir le calendrier\",\"view_more_title\":\"Voir plus d\\u2019\\u00e9v\\u00e8nements.\",\"view_more_link\":\"https:\\\/\\\/sevresvtt.carineetpierre.fr\\\/events\\\/\",\"widget_title\":\"\\u00c9v\\u00e8nements \\u00e0 venir\",\"hide_if_no_upcoming_events\":false,\"display\":[],\"subscribe_links\":{\"gcal\":{\"label\":\"Google Agenda\",\"single_label\":\"Ajouter \\u00e0 Google Agenda\",\"visible\":true,\"block_slug\":\"hasGoogleCalendar\"},\"ical\":{\"label\":\"iCalendar\",\"single_label\":\"Ajouter \\u00e0 iCalendar\",\"visible\":true,\"block_slug\":\"hasiCal\"},\"outlook-365\":{\"label\":\"Outlook 365\",\"single_label\":\"Outlook 365\",\"visible\":true,\"block_slug\":\"hasOutlook365\"},\"outlook-live\":{\"label\":\"Outlook Live\",\"single_label\":\"Outlook Live\",\"visible\":true,\"block_slug\":\"hasOutlookLive\"},\"ics\":{\"label\":\"Exporter le fichier .ics\",\"single_label\":\"Exporter le fichier .ics\",\"visible\":true,\"block_slug\":null},\"outlook-ics\":{\"label\":\"Exporter le fichier Outlook .ics\",\"single_label\":\"Exporter le fichier Outlook .ics\",\"visible\":true,\"block_slug\":null}},\"_context\":{\"slug\":\"widget-events-list\"}}<\/script>\n\n\t\t\t\t\t\t\t<header class=\"tribe-events-widget-events-list__header\">\n\t\t\t\t\t<h2 class=\"tribe-events-widget-events-list__header-title tribe-common-h6 tribe-common-h--alt\">\n\t\t\t\t\t\t\u00c9v\u00e8nements \u00e0 venir\t\t\t\t\t<\/h2>\n\t\t\t\t<\/header>\n\t\t\t\n\t\t\t\n\t\t\t\t<div  class=\"tribe-events-header__messages tribe-events-c-messages tribe-common-b2\"  >\n\t\t\t<div class=\"tribe-events-c-messages__message tribe-events-c-messages__message--notice\" tabindex=\"0\" role=\"alert\" aria-live=\"assertive\">\n\t\t\t<svg\n\t class=\"tribe-common-c-svgicon tribe-common-c-svgicon--messages-not-found tribe-events-c-messages__message-icon-svg\" \taria-hidden=\"true\"\n\tviewBox=\"0 0 21 23\"\n\txmlns=\"http:\/\/www.w3.org\/2000\/svg\"\n>\n\t<g fill-rule=\"evenodd\">\n\t\t<path d=\"M.5 2.5h20v20H.5z\"\/>\n\t\t<path stroke-linecap=\"round\" d=\"M7.583 11.583l5.834 5.834m0-5.834l-5.834 5.834\" class=\"tribe-common-c-svgicon__svg-stroke\"\/>\n\t\t<path stroke-linecap=\"round\" d=\"M4.5.5v4m12-4v4\"\/>\n\t\t<path stroke-linecap=\"square\" d=\"M.5 7.5h20\"\/>\n\t<\/g>\n<\/svg>\n<span class=\"tribe-common-a11y-visual-hide\">\n\tNotice<\/span>\n\t\t\t\t\t\t\t<div\n\t\t\t\t\t data-key=\"0\" >\n\t\t\t\t\tIl n\u2019y a pas d\u2019\u00e9v\u00e8nements \u00e0 venir.\t\t\t\t<\/div>\n\t\t\t\t\t<\/div>\n\t<\/div>\n\n\t\t\t\t\t<\/div>\n\t<\/div>\n<\/div>\n<script data-js='tribe-events-view-nonce-data' type='application\/json'>{\"tvn1\":\"e67c0a77ba\",\"tvn2\":\"\"}<\/script>\n\n\n\n<p><!-- ACTUALIT\u00c9S --><\/p>\n\n\n\n<section id=\"\\&quot;news\\&quot;\" style=\"0padding: 56px;\">\n<div style=\"0max-width: 1200px; margin: 0;\">\n<h2 style=\"0color: #1b3b22; margin: 0;\">Actualit\u00e9s &amp; \u00e9v\u00e9nements r\u00e9cents<\/h2>\n<\/div>\n<\/section>\n\n\n<ul class=\"wp-block-latest-posts__list wp-block-latest-posts\"><li><a class=\"wp-block-latest-posts__post-title\" href=\"https:\/\/sevresvtt.carineetpierre.fr\/index.php\/2025\/09\/08\/le-nouveau-bar-du-club-de-rugby\/\">Le nouveau bar du club&#8230; de rugby !<\/a><\/li>\n<\/ul>\n\n\n<p><!-- GALERIE + T\u00c9MOIGNAGES --><\/p>\n\n\n\n<section id=\"\\&quot;gallery\\&quot;\" style=\"0padding: 56px;\">\n<div style=\"0max-width: 1200px; margin: 0;\">\n<h2 style=\"0color: #1b3b22; margin: 0;\">Galerie &amp; t\u00e9moignages<\/h2>\n<div><div id=\"envira-gallery-wrap-1014\" class=\"envira-gallery-wrap envira-gallery-theme-base envira-lightbox-theme-base\" itemscope itemtype=\"https:\/\/schema.org\/ImageGallery\"><div data-row-height=\"150\" data-gallery-theme=\"normal\" id=\"envira-gallery-1014\" class=\"envira-gallery-public envira-gallery-justified-public envira-gallery-0-columns envira-clear enviratope envira-gallery-css-animations\" data-envira-columns=\"0\"><div id=\"envira-gallery-item-1015\" class=\"envira-gallery-item enviratope-item envira-gallery-item-1 envira-lazy-load\" style=\"padding-left: 5px; padding-bottom: 10px; padding-right: 5px;\"  itemscope itemtype=\"https:\/\/schema.org\/ImageObject\"><div class=\"envira-gallery-item-inner\"><div class=\"envira-gallery-position-overlay  envira-gallery-top-left\"><\/div><div class=\"envira-gallery-position-overlay  envira-gallery-top-right\"><\/div><div class=\"envira-gallery-position-overlay  envira-gallery-bottom-left\"><\/div><div class=\"envira-gallery-position-overlay  envira-gallery-bottom-right\"><\/div><a href=\"http:\/\/sevresvtt.carineetpierre.fr\/wp-content\/uploads\/2025\/09\/640x480_vtt-de-descente-vtt-electrique-val-bike-valloire-reservations-30318237-30329277-30329281.jpg\" class=\"envira-gallery-1014 envira-gallery-link\" rel=\"enviragallery1014\" title=\"640x480_vtt-de-descente-vtt-electrique-val-bike-valloire-reservations-30318237-30329277-30329281\" data-envira-caption=\"640x480_vtt-de-descente-vtt-electrique-val-bike-valloire-reservations-30318237-30329277-30329281\" data-envira-retina=\"\" data-thumbnail=\"\"  itemprop=\"contentUrl\"><img decoding=\"async\" id=\"envira-gallery-image-1015\" class=\"envira-gallery-image envira-gallery-image-1 envira-normal envira-lazy\" data-envira-index=\"1\" src=\"https:\/\/sevresvtt.carineetpierre.fr\/wp-content\/uploads\/2025\/09\/640x480_vtt-de-descente-vtt-electrique-val-bike-valloire-reservations-30318237-30329277-30329281-640x480.jpg\" data-envira-src=\"https:\/\/sevresvtt.carineetpierre.fr\/wp-content\/uploads\/2025\/09\/640x480_vtt-de-descente-vtt-electrique-val-bike-valloire-reservations-30318237-30329277-30329281-640x480.jpg\" data-envira-gallery-id=\"1014\" data-envira-item-id=\"1015\" data-envira-caption=\"640x480_vtt-de-descente-vtt-electrique-val-bike-valloire-reservations-30318237-30329277-30329281\" alt=\"\" title=\"640x480_vtt-de-descente-vtt-electrique-val-bike-valloire-reservations-30318237-30329277-30329281\"  itemprop=\"thumbnailUrl\" data-envira-srcset=\"https:\/\/sevresvtt.carineetpierre.fr\/wp-content\/uploads\/2025\/09\/640x480_vtt-de-descente-vtt-electrique-val-bike-valloire-reservations-30318237-30329277-30329281-640x480.jpg 400w,https:\/\/sevresvtt.carineetpierre.fr\/wp-content\/uploads\/2025\/09\/640x480_vtt-de-descente-vtt-electrique-val-bike-valloire-reservations-30318237-30329277-30329281-640x480.jpg 2x\" data-envira-width=\"300\" data-envira-height=\"200\" srcset=\"data:image\/gif;base64,R0lGODlhAQABAIAAAP\/\/\/\/\/\/\/yH5BAEKAAEALAAAAAABAAEAAAICTAEAOw==\" data-safe-src=\"data:image\/gif;base64,R0lGODlhAQABAIAAAP\/\/\/\/\/\/\/yH5BAEKAAEALAAAAAABAAEAAAICTAEAOw==\" \/><\/a><\/div><\/div><div id=\"envira-gallery-item-1016\" class=\"envira-gallery-item enviratope-item envira-gallery-item-2 envira-lazy-load\" style=\"padding-left: 5px; padding-bottom: 10px; padding-right: 5px;\"  itemscope itemtype=\"https:\/\/schema.org\/ImageObject\"><div class=\"envira-gallery-item-inner\"><div class=\"envira-gallery-position-overlay  envira-gallery-top-left\"><\/div><div class=\"envira-gallery-position-overlay  envira-gallery-top-right\"><\/div><div class=\"envira-gallery-position-overlay  envira-gallery-bottom-left\"><\/div><div class=\"envira-gallery-position-overlay  envira-gallery-bottom-right\"><\/div><a href=\"http:\/\/sevresvtt.carineetpierre.fr\/wp-content\/uploads\/2025\/09\/vtt-24.jpg\" class=\"envira-gallery-1014 envira-gallery-link\" rel=\"enviragallery1014\" title=\"Marcel et Antoine\" data-envira-caption=\"Marcel et Antoine\" data-envira-retina=\"\" data-thumbnail=\"\"  itemprop=\"contentUrl\"><img decoding=\"async\" id=\"envira-gallery-image-1016\" class=\"envira-gallery-image envira-gallery-image-2 envira-normal envira-lazy\" data-envira-index=\"2\" src=\"https:\/\/sevresvtt.carineetpierre.fr\/wp-content\/uploads\/2025\/09\/vtt-24-1024x536-640x480.jpg\" data-envira-src=\"https:\/\/sevresvtt.carineetpierre.fr\/wp-content\/uploads\/2025\/09\/vtt-24-1024x536-640x480.jpg\" data-envira-gallery-id=\"1014\" data-envira-item-id=\"1016\" data-envira-caption=\"Marcel et Antoine\" alt=\"\" title=\"Marcel et Antoine\"  itemprop=\"thumbnailUrl\" data-envira-srcset=\"https:\/\/sevresvtt.carineetpierre.fr\/wp-content\/uploads\/2025\/09\/vtt-24-1024x536-640x480.jpg 400w,https:\/\/sevresvtt.carineetpierre.fr\/wp-content\/uploads\/2025\/09\/vtt-24-1024x536-640x480.jpg 2x\" data-envira-width=\"300\" data-envira-height=\"157\" srcset=\"data:image\/gif;base64,R0lGODlhAQABAIAAAP\/\/\/\/\/\/\/yH5BAEKAAEALAAAAAABAAEAAAICTAEAOw==\" data-safe-src=\"data:image\/gif;base64,R0lGODlhAQABAIAAAP\/\/\/\/\/\/\/yH5BAEKAAEALAAAAAABAAEAAAICTAEAOw==\" \/><\/a><\/div><\/div><div id=\"envira-gallery-item-1017\" class=\"envira-gallery-item enviratope-item envira-gallery-item-3 envira-lazy-load\" style=\"padding-left: 5px; padding-bottom: 10px; padding-right: 5px;\"  itemscope itemtype=\"https:\/\/schema.org\/ImageObject\"><div class=\"envira-gallery-item-inner\"><div class=\"envira-gallery-position-overlay  envira-gallery-top-left\"><\/div><div class=\"envira-gallery-position-overlay  envira-gallery-top-right\"><\/div><div class=\"envira-gallery-position-overlay  envira-gallery-bottom-left\"><\/div><div class=\"envira-gallery-position-overlay  envira-gallery-bottom-right\"><\/div><a href=\"http:\/\/sevresvtt.carineetpierre.fr\/wp-content\/uploads\/2025\/09\/29824231-diaporama-1023x682-1.jpg\" class=\"envira-gallery-1014 envira-gallery-link\" rel=\"enviragallery1014\" title=\"29824231-diaporama-1023&amp;amp;#215;682\" data-envira-caption=\"29824231-diaporama-1023&amp;amp;#215;682\" data-envira-retina=\"\" data-thumbnail=\"\"  itemprop=\"contentUrl\"><img decoding=\"async\" id=\"envira-gallery-image-1017\" class=\"envira-gallery-image envira-gallery-image-3 envira-normal envira-lazy\" data-envira-index=\"3\" src=\"https:\/\/sevresvtt.carineetpierre.fr\/wp-content\/uploads\/2025\/09\/29824231-diaporama-1023x682-1-640x480.jpg\" data-envira-src=\"https:\/\/sevresvtt.carineetpierre.fr\/wp-content\/uploads\/2025\/09\/29824231-diaporama-1023x682-1-640x480.jpg\" data-envira-gallery-id=\"1014\" data-envira-item-id=\"1017\" data-envira-caption=\"29824231-diaporama-1023&amp;amp;#215;682\" alt=\"\" title=\"29824231-diaporama-1023&amp;#215;682\"  itemprop=\"thumbnailUrl\" data-envira-srcset=\"https:\/\/sevresvtt.carineetpierre.fr\/wp-content\/uploads\/2025\/09\/29824231-diaporama-1023x682-1-640x480.jpg 400w,https:\/\/sevresvtt.carineetpierre.fr\/wp-content\/uploads\/2025\/09\/29824231-diaporama-1023x682-1-640x480.jpg 2x\" data-envira-width=\"300\" data-envira-height=\"200\" srcset=\"data:image\/gif;base64,R0lGODlhAQABAIAAAP\/\/\/\/\/\/\/yH5BAEKAAEALAAAAAABAAEAAAICTAEAOw==\" data-safe-src=\"data:image\/gif;base64,R0lGODlhAQABAIAAAP\/\/\/\/\/\/\/yH5BAEKAAEALAAAAAABAAEAAAICTAEAOw==\" \/><\/a><\/div><\/div><\/div><\/div><noscript><img decoding=\"async\" src=\"https:\/\/sevresvtt.carineetpierre.fr\/wp-content\/uploads\/2025\/09\/640x480_vtt-de-descente-vtt-electrique-val-bike-valloire-reservations-30318237-30329277-30329281.jpg\" alt=\"\" \/><img decoding=\"async\" src=\"https:\/\/sevresvtt.carineetpierre.fr\/wp-content\/uploads\/2025\/09\/vtt-24.jpg\" alt=\"\" \/><img decoding=\"async\" src=\"https:\/\/sevresvtt.carineetpierre.fr\/wp-content\/uploads\/2025\/09\/29824231-diaporama-1023x682-1.jpg\" alt=\"\" \/><\/noscript><\/div>\n<blockquote style=\"0margin-top: 18px; border-left: 4px;\"><p>\u201cSuper ambiance, parcours vari\u00e9s \u2014 parfait pour progresser.\u201d \u2014 Marine<\/p><\/blockquote>\n<\/div>\n<\/section>\n\n\n\n<p><!-- REJOIGNEZ-NOUS --><\/p>\n\n\n\n<section id=\"\\&quot;join\\&quot;\" style=\"0padding: 56px;\">\n<div style=\"0max-width: 1200px; margin: 0;\">\n<div style=\"0flex: 1\\&quot;;\">\n<h2 style=\"0color: #1b3b22; margin: 0;\">Rejoignez-nous<\/h2>\n<p>Inscrivez-vous pour recevoir les invitations aux sorties et les actus du club.<\/p>\n<\/div>\n<div style=\"0flex: 0;\">\n<div><\/div>\n<\/div>\n<\/div>\n<\/section>\n\n\n\n<p><\/p>\n","protected":false},"excerpt":{"rendered":"<p>D\u00c9COUVRIR, PARTAGER, P\u00c9DALER ENSEMBLE Rejoignez le club pour des sorties r\u00e9guli\u00e8res, conviviales et adapt\u00e9es \u00e0 tous. S\u00e8vres Chaville VTT, le meilleur club de VTT du sud 92&#8230; C&rsquo;est \u00e9galement le [&hellip;]<\/p>\n","protected":false},"author":1,"featured_media":0,"parent":0,"menu_order":0,"comment_status":"closed","ping_status":"closed","template":"","meta":{"site-sidebar-layout":"default","site-content-layout":"","ast-site-content-layout":"default","site-content-style":"default","site-sidebar-style":"default","ast-global-header-display":"","ast-banner-title-visibility":"","ast-main-header-display":"","ast-hfb-above-header-display":"","ast-hfb-below-header-display":"","ast-hfb-mobile-header-display":"","site-post-title":"disabled","ast-breadcrumbs-content":"","ast-featured-img":"","footer-sml-layout":"","theme-transparent-header-meta":"","adv-header-id-meta":"","stick-header-meta":"","header-above-stick-meta":"","header-main-stick-meta":"","header-below-stick-meta":"","astra-migrate-meta-layouts":"default","ast-page-background-enabled":"default","ast-page-background-meta":{"desktop":{"background-color":"var(--ast-global-color-5)","background-image":"","background-repeat":"repeat","background-position":"center center","background-size":"auto","background-attachment":"scroll","background-type":"","background-media":"","overlay-type":"","overlay-color":"","overlay-opacity":"","overlay-gradient":""},"tablet":{"background-color":"","background-image":"","background-repeat":"repeat","background-position":"center center","background-size":"auto","background-attachment":"scroll","background-type":"","background-media":"","overlay-type":"","overlay-color":"","overlay-opacity":"","overlay-gradient":""},"mobile":{"background-color":"","background-image":"","background-repeat":"repeat","background-position":"center center","background-size":"auto","background-attachment":"scroll","background-type":"","background-media":"","overlay-type":"","overlay-color":"","overlay-opacity":"","overlay-gradient":""}},"ast-content-background-meta":{"desktop":{"background-color":"var(--ast-global-color-4)","background-image":"","background-repeat":"repeat","background-position":"center center","background-size":"auto","background-attachment":"scroll","background-type":"","background-media":"","overlay-type":"","overlay-color":"","overlay-opacity":"","overlay-gradient":""},"tablet":{"background-color":"var(--ast-global-color-4)","background-image":"","background-repeat":"repeat","background-position":"center center","background-size":"auto","background-attachment":"scroll","background-type":"","background-media":"","overlay-type":"","overlay-color":"","overlay-opacity":"","overlay-gradient":""},"mobile":{"background-color":"var(--ast-global-color-4)","background-image":"","background-repeat":"repeat","background-position":"center center","background-size":"auto","background-attachment":"scroll","background-type":"","background-media":"","overlay-type":"","overlay-color":"","overlay-opacity":"","overlay-gradient":""}},"footnotes":""},"class_list":["post-1001","page","type-page","status-publish","hentry"],"_links":{"self":[{"href":"https:\/\/sevresvtt.carineetpierre.fr\/index.php\/wp-json\/wp\/v2\/pages\/1001","targetHints":{"allow":["GET"]}}],"collection":[{"href":"https:\/\/sevresvtt.carineetpierre.fr\/index.php\/wp-json\/wp\/v2\/pages"}],"about":[{"href":"https:\/\/sevresvtt.carineetpierre.fr\/index.php\/wp-json\/wp\/v2\/types\/page"}],"author":[{"embeddable":true,"href":"https:\/\/sevresvtt.carineetpierre.fr\/index.php\/wp-json\/wp\/v2\/users\/1"}],"replies":[{"embeddable":true,"href":"https:\/\/sevresvtt.carineetpierre.fr\/index.php\/wp-json\/wp\/v2\/comments?post=1001"}],"version-history":[{"count":26,"href":"https:\/\/sevresvtt.carineetpierre.fr\/index.php\/wp-json\/wp\/v2\/pages\/1001\/revisions"}],"predecessor-version":[{"id":1071,"href":"https:\/\/sevresvtt.carineetpierre.fr\/index.php\/wp-json\/wp\/v2\/pages\/1001\/revisions\/1071"}],"wp:attachment":[{"href":"https:\/\/sevresvtt.carineetpierre.fr\/index.php\/wp-json\/wp\/v2\/media?parent=1001"}],"curies":[{"name":"wp","href":"https:\/\/api.w.org\/{rel}","templated":true}]}}